{"id":8227,"date":"2022-06-01T16:36:20","date_gmt":"2022-06-01T14:36:20","guid":{"rendered":"https:\/\/la-tuile.ch\/ich-bin-interessiert\/rapports-annuels\/"},"modified":"2024-04-26T08:56:34","modified_gmt":"2024-04-26T06:56:34","slug":"jahresberichte","status":"publish","type":"page","link":"https:\/\/la-tuile.ch\/de\/ich-bin-interessiert\/jahresberichte\/","title":{"rendered":"Jahresberichte"},"content":{"rendered":"\n\n\t<section class=\"section\" id=\"section_1673942283\">\n\t\t<div class=\"section-bg fill\" >\n\t\t\t\t\t\t\t\t\t\n\t\t\t\n\n\t\t<\/div>\n\n\t\t\n\n\t\t<div class=\"section-content relative\">\n\t\t\t\n\n<div class=\"row\"  id=\"row-487504596\">\n\n\n\t<div id=\"col-285838863\" class=\"col medium-7 small-12 large-6\"  >\n\t\t\t\t<div class=\"col-inner\"  >\n\t\t\t\n\t\t\t\n\n\t<div id=\"gap-1824545971\" class=\"gap-element clearfix\" style=\"display:block; height:auto;\">\n\t\t\n<style>\n#gap-1824545971 {\n  padding-top: 50px;\n}\n@media (min-width:850px) {\n  #gap-1824545971 {\n    padding-top: 30px;\n  }\n}\n<\/style>\n\t<\/div>\n\t\n\n\t<div id=\"text-2843940596\" class=\"text\">\n\t\t\n\n<h2>Jahresberichte<\/h2>\n\t\t\n<style>\n#text-2843940596 {\n  font-size: 2rem;\n  line-height: 1.45;\n  text-align: left;\n}\n<\/style>\n\t<\/div>\n\t\n<div class=\"is-divider divider clearfix\" style=\"margin-top:0.5em;margin-bottom:0.5em;max-width:100px;background-color:rgb(255, 138, 0);\"><\/div>\n\n\t<div id=\"text-3200228489\" class=\"text\">\n\t\t\n\n<h3 class=\"iconbox_content_title  \">Der Jahresbericht gibt einen \u00dcberblick \u00fcber die Aktivit\u00e4ten des vergangenen Jahres.<\/h3>\n\t\t\n<style>\n#text-3200228489 {\n  text-align: left;\n}\n<\/style>\n\t<\/div>\n\t\n\n\t\t<\/div>\n\t\t\t\t\t<\/div>\n\n\t\n\n<\/div>\n\n\t\t<\/div>\n\n\t\t\n<style>\n#section_1673942283 {\n  padding-top: 10px;\n  padding-bottom: 10px;\n}\n@media (min-width:550px) {\n  #section_1673942283 {\n    padding-top: 0px;\n    padding-bottom: 0px;\n  }\n}\n@media (min-width:850px) {\n  #section_1673942283 {\n    padding-top: 30px;\n    padding-bottom: 30px;\n  }\n}\n<\/style>\n\t<\/section>\n\t\n\n\t<section class=\"section\" id=\"section_1798288906\">\n\t\t<div class=\"section-bg fill\" >\n\t\t\t\t\t\t\t\t\t\n\t\t\t\n\n\t\t<\/div>\n\n\t\t\n\n\t\t<div class=\"section-content relative\">\n\t\t\t\n\n<div class=\"row\"  id=\"row-1386918316\">\n\n\n\t<div id=\"col-491064685\" class=\"col medium-6 small-12 large-6\"  >\n\t\t\t\t<div class=\"col-inner\"  >\n\t\t\t\n\t\t\t\n\n<p><strong>Nach ihrem 30-j\u00e4hrigen Jubil\u00e4um steht La Tuile vor grossen neuen Herausforderungen: Die Prekarit\u00e4t nimmt im Kanton zu. Als Folge davon ist die Zahl der aufgenommenen Personen im Vergleich zu 2022 um 16\u00a0Prozent angestiegen. In einer von vier N\u00e4chten \u00fcberschritt unsere Nachtaufnahme ihre maximalen Aufnahmem\u00f6glichkeiten. Dieser Anstieg f\u00fchrte zu h\u00f6heren Personal- und Haushaltskosten, und leider stagniert die kantonale Subventionierung, was die Gefahr birgt, dass auch unsere Institution in eine prek\u00e4re Lage ger\u00e4t.<\/strong><\/p>\n<p>Diese Situation f\u00fchrte logischerweise zu zus\u00e4tzlichen Kosten. Das Gesch\u00e4ftsjahr 2023 schloss mit einem dank der Ergebnisse unserer Fundraising-Aktivit\u00e4ten begrenzten Defizit ab.<\/p>\n<p>Das Jahr 2024 ist das erste Jahr eines neuen Leistungsauftrags mit dem Staat Freiburg, doch leider stagniert die H\u00f6he dieser Subvention und steht in keinem Verh\u00e4ltnis zum Auftrag, zur Zunahme der Nachfrage nach Betreuung und zur Erweiterung des Angebots. Wir haben mit allen relevanten Argumenten verhandelt: Bilanzen, Budgets, Zuteilung der Arbeitskr\u00e4fte und Kostenrechnung mit einer detaillierten Verteilung der Kosten und des Bedarfs.<\/p>\n<p>Letztendlich konnten wir die Mittel, die wir f\u00fcr unsere Arbeit ben\u00f6tigen, gemeinsam mit dem Sozialamt objektiv planen. An dieser Stelle m\u00f6chten wir dem Sozialamt f\u00fcr den damit verbundenen Zeit- und Arbeitsaufwand danken. Leider machen die neuen kantonalen Richtlinien f\u00fcr die Budgetplanung diese Aussichten jedoch zunichte, denn die bewilligten Betr\u00e4ge werden auf der Grundlage derjenigen der Vorjahre festgelegt, d. h. eine \u00f6ffentliche Subventionsquote von 31 Prozent, was nicht mehr vertretbar ist.<\/p>\n<p>\u00a0<\/p>\n<p>\u00a0<\/p>\n\n\t\t<\/div>\n\t\t\t\t\t<\/div>\n\n\t\n\n\t<div id=\"col-1040436625\" class=\"col medium-6 small-12 large-6\"  >\n\t\t\t\t<div class=\"col-inner\"  >\n\t\t\t\n\t\t\t\n\n<p>Wir hoffen sehr, dass diese Blockade durch politische Massnahmen \u00fcberwunden werden kann.<\/p>\n<p>Um den Mangel an \u00f6ffentlicher Finanzierung teilweise auszugleichen, k\u00f6nnen wir gl\u00fccklicherweise auf die ungebrochene Unterst\u00fctzung der Loterie Romande z\u00e4hlen \u2013 herzlichen Dank daf\u00fcr. Ebenso sch\u00e4tzen wir uns gl\u00fccklich, auf die Grossz\u00fcgigkeit und Treue der Freiburger Bev\u00f6lkerung vertrauen zu d\u00fcrfen, die Jahr f\u00fcr Jahr ihre Verbundenheit mit La Tuile, mit all den Menschen, die sich dort engagieren, mit ihrer Mission, ihrer Dynamik und ihrer Philosophie best\u00e4tigt.<\/p>\n<p>Der Elan unserer freiwilligen Helferinnen und Helfer ist ein weiteres Zeichen daf\u00fcr. Ein herzliches Dankesch\u00f6n an die Direktion, alle Mitarbeiterinnen und Mitarbeiter f\u00fcr ihr bemerkenswertes Engagement und ihre unersch\u00fctterliche Treue zum Auftrag von La Tuile. Ich danke auch den Mitgliedern des Vorstands, die immer bereit sind, das Team von La Tuile zu unterst\u00fctzen, Kreativit\u00e4t und Innovation zu f\u00f6rdern, Risiken einzugehen, um den Fortbestand unserer Leistungen zu gew\u00e4hrleisten, und sich neuen Herausforderungen zu stellen.<\/p>\n<p>Die wohl entscheidendste davon ist: Wie geht man mit der begrenzten Aufnahmekapazit\u00e4t um? Soll man sich im Verh\u00e4ltnis zum Bedarf vergr\u00f6ssern? Soll man neue Strukturen schaffen? Die verschiedenen Betreuungsarten differenziert gestalten, Partnerschaften suchen? Ich weiss, dass ich auf die unerm\u00fcdliche Zusammenarbeit des Teams von La Tuile, ihres Vorstands, der Freiburger Bev\u00f6lkerung und hoffentlich auch der Beh\u00f6rden unseres Kantons z\u00e4hlen kann, um diese Fragen zu beantworten und neue Jahrzehnte des Engagements einzuleiten.<\/p>\n<p>Beno\u00eet Rey<br \/>Pr\u00e4sident des Vorstands<\/p>\n\n\t\t<\/div>\n\t\t\t\t\t<\/div>\n\n\t\n\n<\/div>\n\n\t\t<\/div>\n\n\t\t\n<style>\n#section_1798288906 {\n  padding-top: 20px;\n  padding-bottom: 20px;\n}\n<\/style>\n\t<\/section>\n\t\n\n\t<section class=\"section\" id=\"section_1840761527\">\n\t\t<div class=\"section-bg fill\" >\n\t\t\t\t\t\t\t\t\t\n\t\t\t\n\t<div class=\"is-border\"\n\t\tstyle=\"border-color:rgb(235, 235, 235);border-width:1px 0px 0px 0px;\">\n\t<\/div>\n\n\t\t<\/div>\n\n\t\t\t<div class=\"ux-shape-divider ux-shape-divider--top ux-shape-divider--style-waves-opacity-3\">\n\t\t<svg viewBox=\"0 0 1000 300\" xmlns=\"http:\/\/www.w3.org\/2000\/svg\" preserveAspectRatio=\"none\">\n\t<path class=\"ux-shape-fill\" opacity=\"0.05\" d=\"M1014 264V386H206L34 300C34 300 344.42 277.16 436 221C542 156 590 160 704 209C811 255 899.11 214.94 979 346L1014 264Z\"\/>\n\t<path class=\"ux-shape-fill\" opacity=\"0.1\" d=\"M-302 55C-302 55 -66.73 263.25 50 214C178 160 283 116 353 141C445.68 174.1 534.28 256.19 588 249C692.9 235 764.52 75.94 855 131C940.61 183.09 1000 254 1000 254V328L-306 338L-302 55Z\"\/>\n\t<path class=\"ux-shape-fill\" opacity=\"0.15\" d=\"M-286 255C-286 255 -72 152 52 126C176 100 255 155 436 227C581.57 284.91 614.7 277.79 708 227C787 184 1009 3.0001 1093 164C1146 265.63 1031 293 1031 293L924 377L-288 389L-286 255Z\"\/>\n\t<path class=\"ux-shape-fill\" opacity=\"0.3\" d=\"M-24 69C-24 69 275.68 370.66 389 314C397 310 622 316 673 356C690.47 369.7 845 224 890 182C944.8 130.85 1018 92 1078 143C1154.12 207.7 1196 242 1196 242L1184 374L-28 386L-24 69Z\"\/>\n\t<path class=\"ux-shape-fill\" d=\"M-12 201C-12 201 58 284 182 258C306 232 342.29 221.23 456 264C565 305 640.82 288.36 721 249C776 222 837.5 191.31 935 253C984 284 1030 279 1030 279L1024 430L-12 440V201Z\"\/>\n<\/svg>\n\t<\/div>\n\n\n\t\t<div class=\"section-content relative\">\n\t\t\t\n\n<div class=\"row row-large align-center\"  id=\"row-647763955\">\n\n\n\t<div id=\"col-1149144289\" class=\"col medium-6 small-12 large-6\"  >\n\t\t\t\t<div class=\"col-inner text-center\"  >\n\t\t\t\n\t\t\t\n\n\t<div id=\"text-4065096314\" class=\"text\">\n\t\t\n\n<h2>Die Jahresberichte<\/h2>\n<p>Alle Informationen zu den \u00dcberlegungen und Anliegen des Vorstands und der Direktion unseres Vereins, zur Entwicklung unserer Aktivit\u00e4ten in der Notaufnahme und in unseren betreuten Wohnungen sowie zu Statistiken und Finanzen.<\/p>\n\t\t\n<style>\n#text-4065096314 {\n  text-align: left;\n}\n<\/style>\n\t<\/div>\n\t\n<div class=\"is-divider divider clearfix\" style=\"max-width:388px;height:1px;background-color:rgb(179, 179, 179);\"><\/div>\n\n\t<div id=\"text-1684669459\" class=\"text\">\n\t\t\n\n<p><img loading=\"lazy\" decoding=\"async\" class=\"alignnone  wp-image-7854\" src=\"https:\/\/la-tuile.ch\/wp-content\/uploads\/2022\/09\/pdf-icon-240x300.png\" alt=\"\" width=\"33\" height=\"42\" srcset=\"https:\/\/la-tuile.ch\/wp-content\/uploads\/2022\/09\/pdf-icon-240x300.png 240w, https:\/\/la-tuile.ch\/wp-content\/uploads\/2022\/09\/pdf-icon-818x1024.png 818w, https:\/\/la-tuile.ch\/wp-content\/uploads\/2022\/09\/pdf-icon-768x961.png 768w, https:\/\/la-tuile.ch\/wp-content\/uploads\/2022\/09\/pdf-icon-1227x1536.png 1227w, https:\/\/la-tuile.ch\/wp-content\/uploads\/2022\/09\/pdf-icon-600x751.png 600w, https:\/\/la-tuile.ch\/wp-content\/uploads\/2022\/09\/pdf-icon.png 1324w\" sizes=\"auto, (max-width: 33px) 100vw, 33px\" \/>\u00a0 <a href=\"https:\/\/la-tuile.ch\/wp-content\/uploads\/2024\/04\/WEB_laTuile_RA_2023.pdf\" target=\"_blank\" rel=\"noopener\">Die Jahresberichte 2023<\/a><\/p>\n\t\t\n<style>\n#text-1684669459 {\n  text-align: left;\n}\n<\/style>\n\t<\/div>\n\t\n\t<div id=\"text-2936707254\" class=\"text\">\n\t\t\n\n<p><img loading=\"lazy\" decoding=\"async\" class=\"alignnone  wp-image-7854\" src=\"https:\/\/la-tuile.ch\/wp-content\/uploads\/2022\/09\/pdf-icon-240x300.png\" alt=\"\" width=\"33\" height=\"42\" srcset=\"https:\/\/la-tuile.ch\/wp-content\/uploads\/2022\/09\/pdf-icon-240x300.png 240w, https:\/\/la-tuile.ch\/wp-content\/uploads\/2022\/09\/pdf-icon-818x1024.png 818w, https:\/\/la-tuile.ch\/wp-content\/uploads\/2022\/09\/pdf-icon-768x961.png 768w, https:\/\/la-tuile.ch\/wp-content\/uploads\/2022\/09\/pdf-icon-1227x1536.png 1227w, https:\/\/la-tuile.ch\/wp-content\/uploads\/2022\/09\/pdf-icon-600x751.png 600w, https:\/\/la-tuile.ch\/wp-content\/uploads\/2022\/09\/pdf-icon.png 1324w\" sizes=\"auto, (max-width: 33px) 100vw, 33px\" \/>\u00a0 <a href=\"https:\/\/la-tuile.ch\/wp-content\/uploads\/2023\/07\/WEB_laTuile_RA_2022.pdf\" target=\"_blank\" rel=\"noopener\">Die Jahresberichte 2022<\/a><\/p>\n\t\t\n<style>\n#text-2936707254 {\n  text-align: left;\n}\n<\/style>\n\t<\/div>\n\t\n\t<div id=\"text-1019755781\" class=\"text\">\n\t\t\n\n<p><img loading=\"lazy\" decoding=\"async\" class=\"alignnone  wp-image-7854\" src=\"https:\/\/la-tuile.ch\/wp-content\/uploads\/2022\/09\/pdf-icon-240x300.png\" alt=\"\" width=\"33\" height=\"42\" srcset=\"https:\/\/la-tuile.ch\/wp-content\/uploads\/2022\/09\/pdf-icon-240x300.png 240w, https:\/\/la-tuile.ch\/wp-content\/uploads\/2022\/09\/pdf-icon-818x1024.png 818w, https:\/\/la-tuile.ch\/wp-content\/uploads\/2022\/09\/pdf-icon-768x961.png 768w, https:\/\/la-tuile.ch\/wp-content\/uploads\/2022\/09\/pdf-icon-1227x1536.png 1227w, https:\/\/la-tuile.ch\/wp-content\/uploads\/2022\/09\/pdf-icon-600x751.png 600w, https:\/\/la-tuile.ch\/wp-content\/uploads\/2022\/09\/pdf-icon.png 1324w\" sizes=\"auto, (max-width: 33px) 100vw, 33px\" \/>\u00a0 <a href=\"https:\/\/la-tuile.ch\/wp-content\/uploads\/2022\/09\/WEB_laTuile_RA_2021.pdf\" target=\"_blank\" rel=\"noopener\">Die Jahresberichte 2021<\/a><\/p>\n\t\t\n<style>\n#text-1019755781 {\n  text-align: left;\n}\n<\/style>\n\t<\/div>\n\t\n\t<div id=\"text-4290037935\" class=\"text\">\n\t\t\n\n<p><img loading=\"lazy\" decoding=\"async\" class=\"alignnone  wp-image-7854\" src=\"https:\/\/la-tuile.ch\/wp-content\/uploads\/2022\/09\/pdf-icon-240x300.png\" alt=\"\" width=\"33\" height=\"42\" srcset=\"https:\/\/la-tuile.ch\/wp-content\/uploads\/2022\/09\/pdf-icon-240x300.png 240w, https:\/\/la-tuile.ch\/wp-content\/uploads\/2022\/09\/pdf-icon-818x1024.png 818w, https:\/\/la-tuile.ch\/wp-content\/uploads\/2022\/09\/pdf-icon-768x961.png 768w, https:\/\/la-tuile.ch\/wp-content\/uploads\/2022\/09\/pdf-icon-1227x1536.png 1227w, https:\/\/la-tuile.ch\/wp-content\/uploads\/2022\/09\/pdf-icon-600x751.png 600w, https:\/\/la-tuile.ch\/wp-content\/uploads\/2022\/09\/pdf-icon.png 1324w\" sizes=\"auto, (max-width: 33px) 100vw, 33px\" \/>\u00a0 <a href=\"https:\/\/la-tuile.ch\/wp-content\/uploads\/2022\/09\/PROD_laTuile_RA_2020-web.pdf\" target=\"_blank\" rel=\"noopener\">Die Jahresberichte 2020<\/a><\/p>\n\t\t\n<style>\n#text-4290037935 {\n  text-align: left;\n}\n<\/style>\n\t<\/div>\n\t\n\t<div id=\"text-2187299543\" class=\"text\">\n\t\t\n\n<p><img loading=\"lazy\" decoding=\"async\" class=\"alignnone  wp-image-7854\" src=\"https:\/\/la-tuile.ch\/wp-content\/uploads\/2022\/09\/pdf-icon-240x300.png\" alt=\"\" width=\"33\" height=\"42\" srcset=\"https:\/\/la-tuile.ch\/wp-content\/uploads\/2022\/09\/pdf-icon-240x300.png 240w, https:\/\/la-tuile.ch\/wp-content\/uploads\/2022\/09\/pdf-icon-818x1024.png 818w, https:\/\/la-tuile.ch\/wp-content\/uploads\/2022\/09\/pdf-icon-768x961.png 768w, https:\/\/la-tuile.ch\/wp-content\/uploads\/2022\/09\/pdf-icon-1227x1536.png 1227w, https:\/\/la-tuile.ch\/wp-content\/uploads\/2022\/09\/pdf-icon-600x751.png 600w, https:\/\/la-tuile.ch\/wp-content\/uploads\/2022\/09\/pdf-icon.png 1324w\" sizes=\"auto, (max-width: 33px) 100vw, 33px\" \/>\u00a0 <a href=\"https:\/\/la-tuile.ch\/wp-content\/uploads\/2022\/09\/WEB_laTuile_RA_2019.pdf\" target=\"_blank\" rel=\"noopener\">Die Jahresberichte 2019<\/a><\/p>\n\t\t\n<style>\n#text-2187299543 {\n  text-align: left;\n}\n<\/style>\n\t<\/div>\n\t\n\t<div id=\"text-1062471831\" class=\"text\">\n\t\t\n\n<p><img loading=\"lazy\" decoding=\"async\" class=\"alignnone  wp-image-7854\" src=\"https:\/\/la-tuile.ch\/wp-content\/uploads\/2022\/09\/pdf-icon-240x300.png\" alt=\"\" width=\"33\" height=\"42\" srcset=\"https:\/\/la-tuile.ch\/wp-content\/uploads\/2022\/09\/pdf-icon-240x300.png 240w, https:\/\/la-tuile.ch\/wp-content\/uploads\/2022\/09\/pdf-icon-818x1024.png 818w, https:\/\/la-tuile.ch\/wp-content\/uploads\/2022\/09\/pdf-icon-768x961.png 768w, https:\/\/la-tuile.ch\/wp-content\/uploads\/2022\/09\/pdf-icon-1227x1536.png 1227w, https:\/\/la-tuile.ch\/wp-content\/uploads\/2022\/09\/pdf-icon-600x751.png 600w, https:\/\/la-tuile.ch\/wp-content\/uploads\/2022\/09\/pdf-icon.png 1324w\" sizes=\"auto, (max-width: 33px) 100vw, 33px\" \/>\u00a0 <a href=\"https:\/\/la-tuile.ch\/wp-content\/uploads\/2022\/09\/WEB_laTuile_RA_2018.pdf\" target=\"_blank\" rel=\"noopener\">Die Jahresberichte 2018<\/a><\/p>\n\t\t\n<style>\n#text-1062471831 {\n  text-align: left;\n}\n<\/style>\n\t<\/div>\n\t\n\n\t\t<\/div>\n\t\t\t\t\t<\/div>\n\n\t\n\n\t<div id=\"col-1286372533\" class=\"col medium-5 small-12 large-5\"  >\n\t\t\t\t<div class=\"col-inner text-left\"  >\n\t\t\t\n\t\t\t\n\n\t<div id=\"text-520262777\" class=\"text\">\n\t\t\n\n<p><img loading=\"lazy\" decoding=\"async\" class=\"alignnone  wp-image-7854\" src=\"https:\/\/la-tuile.ch\/wp-content\/uploads\/2022\/09\/pdf-icon-240x300.png\" alt=\"\" width=\"33\" height=\"42\" srcset=\"https:\/\/la-tuile.ch\/wp-content\/uploads\/2022\/09\/pdf-icon-240x300.png 240w, https:\/\/la-tuile.ch\/wp-content\/uploads\/2022\/09\/pdf-icon-818x1024.png 818w, https:\/\/la-tuile.ch\/wp-content\/uploads\/2022\/09\/pdf-icon-768x961.png 768w, https:\/\/la-tuile.ch\/wp-content\/uploads\/2022\/09\/pdf-icon-1227x1536.png 1227w, https:\/\/la-tuile.ch\/wp-content\/uploads\/2022\/09\/pdf-icon-600x751.png 600w, https:\/\/la-tuile.ch\/wp-content\/uploads\/2022\/09\/pdf-icon.png 1324w\" sizes=\"auto, (max-width: 33px) 100vw, 33px\" \/>\u00a0 <a href=\"https:\/\/la-tuile.ch\/wp-content\/uploads\/2022\/09\/WEB_laTuile_RA_2017.pdf\" target=\"_blank\" rel=\"noopener\">Die Jahresberichte 2017<\/a><\/p>\n\t\t\n<style>\n#text-520262777 {\n  text-align: left;\n}\n<\/style>\n\t<\/div>\n\t\n\t<div id=\"text-1884871682\" class=\"text\">\n\t\t\n\n<p><img loading=\"lazy\" decoding=\"async\" class=\"alignnone  wp-image-7854\" src=\"https:\/\/la-tuile.ch\/wp-content\/uploads\/2022\/09\/pdf-icon-240x300.png\" alt=\"\" width=\"33\" height=\"42\" srcset=\"https:\/\/la-tuile.ch\/wp-content\/uploads\/2022\/09\/pdf-icon-240x300.png 240w, https:\/\/la-tuile.ch\/wp-content\/uploads\/2022\/09\/pdf-icon-818x1024.png 818w, https:\/\/la-tuile.ch\/wp-content\/uploads\/2022\/09\/pdf-icon-768x961.png 768w, https:\/\/la-tuile.ch\/wp-content\/uploads\/2022\/09\/pdf-icon-1227x1536.png 1227w, https:\/\/la-tuile.ch\/wp-content\/uploads\/2022\/09\/pdf-icon-600x751.png 600w, https:\/\/la-tuile.ch\/wp-content\/uploads\/2022\/09\/pdf-icon.png 1324w\" sizes=\"auto, (max-width: 33px) 100vw, 33px\" \/>\u00a0 <a href=\"https:\/\/la-tuile.ch\/wp-content\/uploads\/2022\/09\/laTuile_RA_2016_sans-comptes.pdf\" target=\"_blank\" rel=\"noopener\">Die Jahresberichte 2016<\/a><\/p>\n\t\t\n<style>\n#text-1884871682 {\n  text-align: left;\n}\n<\/style>\n\t<\/div>\n\t\n\t<div id=\"text-882047912\" class=\"text\">\n\t\t\n\n<p><img loading=\"lazy\" decoding=\"async\" class=\"alignnone  wp-image-7854\" src=\"https:\/\/la-tuile.ch\/wp-content\/uploads\/2022\/09\/pdf-icon-240x300.png\" alt=\"\" width=\"33\" height=\"42\" srcset=\"https:\/\/la-tuile.ch\/wp-content\/uploads\/2022\/09\/pdf-icon-240x300.png 240w, https:\/\/la-tuile.ch\/wp-content\/uploads\/2022\/09\/pdf-icon-818x1024.png 818w, https:\/\/la-tuile.ch\/wp-content\/uploads\/2022\/09\/pdf-icon-768x961.png 768w, https:\/\/la-tuile.ch\/wp-content\/uploads\/2022\/09\/pdf-icon-1227x1536.png 1227w, https:\/\/la-tuile.ch\/wp-content\/uploads\/2022\/09\/pdf-icon-600x751.png 600w, https:\/\/la-tuile.ch\/wp-content\/uploads\/2022\/09\/pdf-icon.png 1324w\" sizes=\"auto, (max-width: 33px) 100vw, 33px\" \/>\u00a0 <a href=\"https:\/\/la-tuile.ch\/wp-content\/uploads\/2022\/09\/WEB_laTuile_RA_2015.pdf\" target=\"_blank\" rel=\"noopener\">Die Jahresberichte 2015<\/a><\/p>\n\t\t\n<style>\n#text-882047912 {\n  text-align: left;\n}\n<\/style>\n\t<\/div>\n\t\n\t<div id=\"text-457624269\" class=\"text\">\n\t\t\n\n<p><img loading=\"lazy\" decoding=\"async\" class=\"alignnone  wp-image-7854\" src=\"https:\/\/la-tuile.ch\/wp-content\/uploads\/2022\/09\/pdf-icon-240x300.png\" alt=\"\" width=\"33\" height=\"42\" srcset=\"https:\/\/la-tuile.ch\/wp-content\/uploads\/2022\/09\/pdf-icon-240x300.png 240w, https:\/\/la-tuile.ch\/wp-content\/uploads\/2022\/09\/pdf-icon-818x1024.png 818w, https:\/\/la-tuile.ch\/wp-content\/uploads\/2022\/09\/pdf-icon-768x961.png 768w, https:\/\/la-tuile.ch\/wp-content\/uploads\/2022\/09\/pdf-icon-1227x1536.png 1227w, https:\/\/la-tuile.ch\/wp-content\/uploads\/2022\/09\/pdf-icon-600x751.png 600w, https:\/\/la-tuile.ch\/wp-content\/uploads\/2022\/09\/pdf-icon.png 1324w\" sizes=\"auto, (max-width: 33px) 100vw, 33px\" \/>\u00a0 <a href=\"https:\/\/la-tuile.ch\/wp-content\/uploads\/2022\/09\/web_laTuile_RA_2014.pdf\" target=\"_blank\" rel=\"noopener\">Die Jahresberichte 2014<\/a><\/p>\n\t\t\n<style>\n#text-457624269 {\n  text-align: left;\n}\n<\/style>\n\t<\/div>\n\t\n\t<div id=\"text-321821131\" class=\"text\">\n\t\t\n\n<p><img loading=\"lazy\" decoding=\"async\" class=\"alignnone  wp-image-7854\" src=\"https:\/\/la-tuile.ch\/wp-content\/uploads\/2022\/09\/pdf-icon-240x300.png\" alt=\"\" width=\"33\" height=\"42\" srcset=\"https:\/\/la-tuile.ch\/wp-content\/uploads\/2022\/09\/pdf-icon-240x300.png 240w, https:\/\/la-tuile.ch\/wp-content\/uploads\/2022\/09\/pdf-icon-818x1024.png 818w, https:\/\/la-tuile.ch\/wp-content\/uploads\/2022\/09\/pdf-icon-768x961.png 768w, https:\/\/la-tuile.ch\/wp-content\/uploads\/2022\/09\/pdf-icon-1227x1536.png 1227w, https:\/\/la-tuile.ch\/wp-content\/uploads\/2022\/09\/pdf-icon-600x751.png 600w, https:\/\/la-tuile.ch\/wp-content\/uploads\/2022\/09\/pdf-icon.png 1324w\" sizes=\"auto, (max-width: 33px) 100vw, 33px\" \/>\u00a0 <a href=\"https:\/\/la-tuile.ch\/wp-content\/uploads\/2022\/09\/WEB_LaTuile2014_RA-2.pdf\" target=\"_blank\" rel=\"noopener\">Die Jahresberichte 2013<\/a><\/p>\n\t\t\n<style>\n#text-321821131 {\n  text-align: left;\n}\n<\/style>\n\t<\/div>\n\t\n\t<div id=\"text-1875375571\" class=\"text\">\n\t\t\n\n<p><img loading=\"lazy\" decoding=\"async\" class=\"alignnone  wp-image-7854\" src=\"https:\/\/la-tuile.ch\/wp-content\/uploads\/2022\/09\/pdf-icon-240x300.png\" alt=\"\" width=\"33\" height=\"42\" srcset=\"https:\/\/la-tuile.ch\/wp-content\/uploads\/2022\/09\/pdf-icon-240x300.png 240w, https:\/\/la-tuile.ch\/wp-content\/uploads\/2022\/09\/pdf-icon-818x1024.png 818w, https:\/\/la-tuile.ch\/wp-content\/uploads\/2022\/09\/pdf-icon-768x961.png 768w, https:\/\/la-tuile.ch\/wp-content\/uploads\/2022\/09\/pdf-icon-1227x1536.png 1227w, https:\/\/la-tuile.ch\/wp-content\/uploads\/2022\/09\/pdf-icon-600x751.png 600w, https:\/\/la-tuile.ch\/wp-content\/uploads\/2022\/09\/pdf-icon.png 1324w\" sizes=\"auto, (max-width: 33px) 100vw, 33px\" \/>\u00a0 <a href=\"https:\/\/la-tuile.ch\/wp-content\/uploads\/2022\/09\/RA_latuile_WEB_2012.pdf\" target=\"_blank\" rel=\"noopener\">Die Jahresberichte 2012<\/a><\/p>\n\t\t\n<style>\n#text-1875375571 {\n  text-align: left;\n}\n<\/style>\n\t<\/div>\n\t\n\t<div id=\"text-2960019453\" class=\"text\">\n\t\t\n\n<p><img loading=\"lazy\" decoding=\"async\" class=\"alignnone  wp-image-7854\" src=\"https:\/\/la-tuile.ch\/wp-content\/uploads\/2022\/09\/pdf-icon-240x300.png\" alt=\"\" width=\"33\" height=\"42\" srcset=\"https:\/\/la-tuile.ch\/wp-content\/uploads\/2022\/09\/pdf-icon-240x300.png 240w, https:\/\/la-tuile.ch\/wp-content\/uploads\/2022\/09\/pdf-icon-818x1024.png 818w, https:\/\/la-tuile.ch\/wp-content\/uploads\/2022\/09\/pdf-icon-768x961.png 768w, https:\/\/la-tuile.ch\/wp-content\/uploads\/2022\/09\/pdf-icon-1227x1536.png 1227w, https:\/\/la-tuile.ch\/wp-content\/uploads\/2022\/09\/pdf-icon-600x751.png 600w, https:\/\/la-tuile.ch\/wp-content\/uploads\/2022\/09\/pdf-icon.png 1324w\" sizes=\"auto, (max-width: 33px) 100vw, 33px\" \/>\u00a0 <a href=\"https:\/\/la-tuile.ch\/wp-content\/uploads\/2022\/09\/rajournal2011_web.pdf\" target=\"_blank\" rel=\"noopener\">Die Jahresberichte 2011<\/a><\/p>\n\t\t\n<style>\n#text-2960019453 {\n  text-align: left;\n}\n<\/style>\n\t<\/div>\n\t\n\t<div id=\"text-3231758769\" class=\"text\">\n\t\t\n\n<p><img loading=\"lazy\" decoding=\"async\" class=\"alignnone  wp-image-7854\" src=\"https:\/\/la-tuile.ch\/wp-content\/uploads\/2022\/09\/pdf-icon-240x300.png\" alt=\"\" width=\"33\" height=\"42\" srcset=\"https:\/\/la-tuile.ch\/wp-content\/uploads\/2022\/09\/pdf-icon-240x300.png 240w, https:\/\/la-tuile.ch\/wp-content\/uploads\/2022\/09\/pdf-icon-818x1024.png 818w, https:\/\/la-tuile.ch\/wp-content\/uploads\/2022\/09\/pdf-icon-768x961.png 768w, https:\/\/la-tuile.ch\/wp-content\/uploads\/2022\/09\/pdf-icon-1227x1536.png 1227w, https:\/\/la-tuile.ch\/wp-content\/uploads\/2022\/09\/pdf-icon-600x751.png 600w, https:\/\/la-tuile.ch\/wp-content\/uploads\/2022\/09\/pdf-icon.png 1324w\" sizes=\"auto, (max-width: 33px) 100vw, 33px\" \/>\u00a0 <a href=\"https:\/\/la-tuile.ch\/wp-content\/uploads\/2022\/09\/rajournal2010WEB.pdf\" target=\"_blank\" rel=\"noopener\" data-wplink-edit=\"true\">Die Jahresberichte 2010<\/a><\/p>\n\t\t\n<style>\n#text-3231758769 {\n  text-align: left;\n}\n<\/style>\n\t<\/div>\n\t\n\n\t\t<\/div>\n\t\t\t\t\t<\/div>\n\n\t\n\n<\/div>\n\n\t\t<\/div>\n\n\t\t\n<style>\n#section_1840761527 {\n  padding-top: 103px;\n  padding-bottom: 103px;\n  min-height: 411px;\n  background-color: rgb(233, 233, 233);\n}\n#section_1840761527 .ux-shape-divider--top svg {\n  height: 121px;\n  --divider-top-width: 100%;\n}\n<\/style>\n\t<\/section>\n\t\n\n","protected":false},"excerpt":{"rendered":"","protected":false},"author":1,"featured_media":0,"parent":8218,"menu_order":0,"comment_status":"closed","ping_status":"closed","template":"page-blank.php","meta":{"_uag_custom_page_level_css":"","footnotes":""},"class_list":["post-8227","page","type-page","status-publish","hentry"],"uagb_featured_image_src":{"full":false,"thumbnail":false,"medium":false,"medium_large":false,"large":false,"1536x1536":false,"2048x2048":false,"woocommerce_thumbnail":false,"woocommerce_single":false,"woocommerce_gallery_thumbnail":false},"uagb_author_info":{"display_name":"LA TUILE","author_link":"https:\/\/la-tuile.ch\/de\/author\/s62schuler\/"},"uagb_comment_info":0,"uagb_excerpt":null,"_links":{"self":[{"href":"https:\/\/la-tuile.ch\/de\/wp-json\/wp\/v2\/pages\/8227","targetHints":{"allow":["GET"]}}],"collection":[{"href":"https:\/\/la-tuile.ch\/de\/wp-json\/wp\/v2\/pages"}],"about":[{"href":"https:\/\/la-tuile.ch\/de\/wp-json\/wp\/v2\/types\/page"}],"author":[{"embeddable":true,"href":"https:\/\/la-tuile.ch\/de\/wp-json\/wp\/v2\/users\/1"}],"replies":[{"embeddable":true,"href":"https:\/\/la-tuile.ch\/de\/wp-json\/wp\/v2\/comments?post=8227"}],"version-history":[{"count":3,"href":"https:\/\/la-tuile.ch\/de\/wp-json\/wp\/v2\/pages\/8227\/revisions"}],"predecessor-version":[{"id":9951,"href":"https:\/\/la-tuile.ch\/de\/wp-json\/wp\/v2\/pages\/8227\/revisions\/9951"}],"up":[{"embeddable":true,"href":"https:\/\/la-tuile.ch\/de\/wp-json\/wp\/v2\/pages\/8218"}],"wp:attachment":[{"href":"https:\/\/la-tuile.ch\/de\/wp-json\/wp\/v2\/media?parent=8227"}],"curies":[{"name":"wp","href":"https:\/\/api.w.org\/{rel}","templated":true}]}}