{"id":8304,"date":"2022-01-25T20:58:09","date_gmt":"2022-01-25T19:58:09","guid":{"rendered":"https:\/\/la-tuile.ch\/ich-benoetige\/accueil-durgence\/"},"modified":"2022-09-30T10:13:09","modified_gmt":"2022-09-30T08:13:09","slug":"notschlafstelle","status":"publish","type":"page","link":"https:\/\/la-tuile.ch\/de\/ich-benoetige\/notschlafstelle\/","title":{"rendered":"Notschlafstelle"},"content":{"rendered":"\n\n\t<section class=\"section\" id=\"section_710454387\">\n\t\t<div class=\"section-bg fill\" >\n\t\t\t\t\t\t\t\t\t\n\t\t\t\n\n\t\t<\/div>\n\n\t\t\n\n\t\t<div class=\"section-content relative\">\n\t\t\t\n\n<div class=\"row\"  id=\"row-1477067882\">\n\n\n\t<div id=\"col-2115781904\" class=\"col medium-7 small-12 large-6\"  >\n\t\t\t\t<div class=\"col-inner\"  >\n\t\t\t\n\t\t\t\n\n\t<div id=\"gap-693276115\" class=\"gap-element clearfix\" style=\"display:block; height:auto;\">\n\t\t\n<style>\n#gap-693276115 {\n  padding-top: 50px;\n}\n@media (min-width:850px) {\n  #gap-693276115 {\n    padding-top: 30px;\n  }\n}\n<\/style>\n\t<\/div>\n\t\n\n\t<div id=\"text-1125432980\" class=\"text\">\n\t\t\n\n<h1>Aufnahme in der Notschlafstelle<\/h1>\n\t\t\n<style>\n#text-1125432980 {\n  font-size: 2rem;\n  line-height: 1.45;\n  text-align: left;\n}\n<\/style>\n\t<\/div>\n\t\n<div class=\"is-divider divider clearfix\" style=\"margin-top:0.5em;margin-bottom:0.5em;max-width:100px;background-color:rgb(255, 138, 0);\"><\/div>\n\n\t<div id=\"text-2809997593\" class=\"text\">\n\t\t\n\n<h3>Ich stehe auf der Strasse<br \/>\nund brauche eine Bleibe f\u00fcr die Nacht. <\/p>\n<\/h3>\n\t\t\n<style>\n#text-2809997593 {\n  text-align: left;\n}\n<\/style>\n\t<\/div>\n\t\n\n\t\t<\/div>\n\t\t\t\t\t<\/div>\n\n\t\n\n<\/div>\n\n\t\t<\/div>\n\n\t\t\n<style>\n#section_710454387 {\n  padding-top: 10px;\n  padding-bottom: 10px;\n}\n@media (min-width:550px) {\n  #section_710454387 {\n    padding-top: 0px;\n    padding-bottom: 0px;\n  }\n}\n@media (min-width:850px) {\n  #section_710454387 {\n    padding-top: 30px;\n    padding-bottom: 30px;\n  }\n}\n<\/style>\n\t<\/section>\n\t\n\n\t<section class=\"section\" id=\"section_937418421\">\n\t\t<div class=\"section-bg fill\" >\n\t\t\t\t\t\t\t\t\t\n\t\t\t\n\n\t\t<\/div>\n\n\t\t\n\n\t\t<div class=\"section-content relative\">\n\t\t\t\n\n<div class=\"row align-middle\"  id=\"row-313882556\">\n\n\n\t<div id=\"col-1675448864\" class=\"col medium-12 small-12 large-6\"  data-animate=\"fadeInLeft\">\n\t\t\t\t<div class=\"col-inner text-right\"  >\n\t\t\t\n\t\t\t\n\n\t<div class=\"img has-hover x md-x lg-x y md-y lg-y\" id=\"image_1492594754\">\n\t\t\t\t\t\t\t\t<div class=\"img-inner dark\" >\n\t\t\t<img loading=\"lazy\" decoding=\"async\" width=\"1125\" height=\"914\" src=\"https:\/\/la-tuile.ch\/wp-content\/uploads\/2022\/01\/refectoire.jpg\" class=\"attachment-original size-original\" alt=\"\" srcset=\"https:\/\/la-tuile.ch\/wp-content\/uploads\/2022\/01\/refectoire.jpg 1125w, https:\/\/la-tuile.ch\/wp-content\/uploads\/2022\/01\/refectoire-300x244.jpg 300w, https:\/\/la-tuile.ch\/wp-content\/uploads\/2022\/01\/refectoire-1024x832.jpg 1024w, https:\/\/la-tuile.ch\/wp-content\/uploads\/2022\/01\/refectoire-768x624.jpg 768w, https:\/\/la-tuile.ch\/wp-content\/uploads\/2022\/01\/refectoire-600x487.jpg 600w\" sizes=\"auto, (max-width: 1125px) 100vw, 1125px\" \/>\t\t\t\t\t\t\n\t\t\t\t\t<\/div>\n\t\t\t\t\t\t\t\t\n<style>\n#image_1492594754 {\n  width: 100%;\n}\n<\/style>\n\t<\/div>\n\t\n\n\n\t\t<\/div>\n\t\t\t\t\t<\/div>\n\n\t\n\n\t<div id=\"col-1367477796\" class=\"col medium-12 small-12 large-6\"  >\n\t\t\t\t<div class=\"col-inner\"  >\n\t\t\t\n\t\t\t\n\n\t<div id=\"gap-989545332\" class=\"gap-element clearfix\" style=\"display:block; height:auto;\">\n\t\t\n<style>\n#gap-989545332 {\n  padding-top: 10px;\n}\n@media (min-width:850px) {\n  #gap-989545332 {\n    padding-top: 30px;\n  }\n}\n<\/style>\n\t<\/div>\n\t\n\n\t<div id=\"text-3289713213\" class=\"text\">\n\t\t\n\n<p>In der Notschlafstelle finde ich:<\/p>\n<ul>\n<li>ein Bett<\/li>\n<li>ein warmes Znacht und ein Zmorgen<\/li>\n<li>eine Dusche<\/li>\n<li>saubere Kleidung<\/li>\n<li>Hygieneartikel<\/li>\n<li>Ich kann ab 19.00 Uhr ankommen und muss keinen Platz reservieren.<\/li>\n<\/ul>\n\t\t\n<style>\n#text-3289713213 {\n  font-size: 1.2rem;\n}\n<\/style>\n\t<\/div>\n\t\n\n\t\t<\/div>\n\t\t\t\t\n<style>\n#col-1367477796 > .col-inner {\n  padding: 0px 0px 0px 0;\n}\n@media (min-width:850px) {\n  #col-1367477796 > .col-inner {\n    padding: 0px 0px 0px 10%;\n  }\n}\n<\/style>\n\t<\/div>\n\n\t\n\n<\/div>\n\n\t\t<\/div>\n\n\t\t\n<style>\n#section_937418421 {\n  padding-top: 40px;\n  padding-bottom: 40px;\n}\n@media (min-width:850px) {\n  #section_937418421 {\n    padding-top: 5px;\n    padding-bottom: 5px;\n  }\n}\n<\/style>\n\t<\/section>\n\t\n\n\t<section class=\"section\" id=\"section_764739653\">\n\t\t<div class=\"section-bg fill\" >\n\t\t\t\t\t\t\t\t\t\n\t\t\t\n\n\t\t<\/div>\n\n\t\t\n\n\t\t<div class=\"section-content relative\">\n\t\t\t\n\n<div class=\"row row-large\"  id=\"row-134876380\">\n\n\n\t<div id=\"col-920998670\" class=\"col medium-6 small-12 large-6\"  >\n\t\t\t\t<div class=\"col-inner\"  >\n\t\t\t\n\t\t\t\n\n<p>Ein Team von Profis wird mich empfangen. Ich kann \u00fcber meine Situation und meine Probleme sprechen, wenn ich das m\u00f6chte. Ich werde nicht beurteilt. Ich bin gesch\u00fctzt und in Sicherheit. Das Haus ist sauber, sicher und gem\u00fctlich.<br \/>\nIn der Notschlafstelle von La Tuile gibt es nur wenige Regeln. Diese werden mir bei meiner Ankunft erkl\u00e4rt.<\/p>\n\n\t\t<\/div>\n\t\t\t\t\t<\/div>\n\n\t\n\n\t<div id=\"col-868787957\" class=\"col medium-6 small-12 large-6\"  >\n\t\t\t\t<div class=\"col-inner\"  >\n\t\t\t\n\t\t\t\n\n\t<div id=\"text-1893442666\" class=\"text\">\n\t\t\n\n<h2>Eine Etage<br \/>\nist nur f\u00fcr Frauen. <\/p>\n<\/h2>\n\t\t\n<style>\n#text-1893442666 {\n  color: #f07910;\n}\n#text-1893442666 > * {\n  color: #f07910;\n}\n<\/style>\n\t<\/div>\n\t\n\n\t\t<\/div>\n\t\t\t\t\n<style>\n#col-868787957 > .col-inner {\n  padding: 0px 0px 0px 10%;\n}\n<\/style>\n\t<\/div>\n\n\t\n\n<\/div>\n\n\t\t<\/div>\n\n\t\t\n<style>\n#section_764739653 {\n  padding-top: 0px;\n  padding-bottom: 0px;\n}\n<\/style>\n\t<\/section>\n\t\n\n\t<section class=\"section\" id=\"section_2119525006\">\n\t\t<div class=\"section-bg fill\" >\n\t\t\t\t\t\t\t\t\t\n\t\t\t\n\n\t\t<\/div>\n\n\t\t\n\n\t\t<div class=\"section-content relative\">\n\t\t\t\n\n<div class=\"row row-collapse\"  id=\"row-1927918167\">\n\n\n\t<div id=\"col-509546526\" class=\"col medium-3 small-6 large-3\"  data-animate=\"fadeInLeft\">\n\t\t\t\t<div class=\"col-inner\"  >\n\t\t\t\n\t\t\t\n\n\t<div class=\"box has-hover   has-hover box-default box-text-bottom\" >\n\n\t\t<div class=\"box-image\" style=\"width:30%;\">\n\t\t\t\t\t\t<div class=\"\" >\n\t\t\t\t<img loading=\"lazy\" decoding=\"async\" width=\"71\" height=\"72\" src=\"https:\/\/la-tuile.ch\/wp-content\/uploads\/2022\/05\/Asset-17.svg\" class=\"attachment- size-\" alt=\"\" \/>\t\t\t\t\t\t\t\t\t\t\t<\/div>\n\t\t\t\t\t<\/div>\n\n\t\t<div class=\"box-text text-center\" >\n\t\t\t<div class=\"box-text-inner\">\n\t\t\t\t\n\n\t<div id=\"text-198238989\" class=\"text\">\n\t\t\n\n<h4>Adresse<\/h4>\n<p>Rte de Marly 25<br>CH-1700 Fribourg<\/p>\n\t\t\n<style>\n#text-198238989 {\n  font-size: 1rem;\n}\n<\/style>\n\t<\/div>\n\t\n\n\t\t\t<\/div>\n\t\t<\/div>\n\t<\/div>\n\t\n\n\t\t<\/div>\n\t\t\t\t\t<\/div>\n\n\t\n\n\t<div id=\"col-827107076\" class=\"col medium-3 small-6 large-3\"  data-animate=\"fadeInDown\">\n\t\t\t\t<div class=\"col-inner\"  >\n\t\t\t\n\t\t\t\n\n\t<div class=\"box has-hover   has-hover box-text-bottom\" >\n\n\t\t<div class=\"box-image\" style=\"width:30%;\">\n\t\t\t\t\t\t<div class=\"\" >\n\t\t\t\t<img loading=\"lazy\" decoding=\"async\" width=\"68\" height=\"68\" src=\"https:\/\/la-tuile.ch\/wp-content\/uploads\/2022\/05\/Asset-12.svg\" class=\"attachment- size-\" alt=\"\" \/>\t\t\t\t\t\t\t\t\t\t\t<\/div>\n\t\t\t\t\t<\/div>\n\n\t\t<div class=\"box-text text-center\" >\n\t\t\t<div class=\"box-text-inner\">\n\t\t\t\t\n\n\t<div id=\"text-3077775610\" class=\"text\">\n\t\t\n\n<h4>Telefon<\/h4>\n<p>+41 26 424 43 21<\/p>\n\t\t\n<style>\n#text-3077775610 {\n  font-size: 1rem;\n}\n<\/style>\n\t<\/div>\n\t\n\n\t\t\t<\/div>\n\t\t<\/div>\n\t<\/div>\n\t\n\n\t\t<\/div>\n\t\t\t\t\t<\/div>\n\n\t\n\n\t<div id=\"col-1814909122\" class=\"col medium-3 small-6 large-3\"  data-animate=\"fadeInDown\">\n\t\t\t\t<div class=\"col-inner\"  >\n\t\t\t\n\t\t\t\n\n\t<div class=\"box has-hover   has-hover box-default box-text-bottom\" >\n\n\t\t<div class=\"box-image\" style=\"width:31%;\">\n\t\t\t\t\t\t<div class=\"\" >\n\t\t\t\t<img loading=\"lazy\" decoding=\"async\" width=\"71\" height=\"70\" src=\"https:\/\/la-tuile.ch\/wp-content\/uploads\/2022\/05\/Asset-37.svg\" class=\"attachment- size-\" alt=\"\" \/>\t\t\t\t\t\t\t\t\t\t\t<\/div>\n\t\t\t\t\t<\/div>\n\n\t\t<div class=\"box-text text-center\" >\n\t\t\t<div class=\"box-text-inner\">\n\t\t\t\t\n\n\t<div id=\"text-2599418415\" class=\"text\">\n\t\t\n\n<h4>E-mail<\/h4>\n<p><a href=\"mailto:accueil@la-tuile.ch\">accueil@la-tuile.ch<\/a><\/p>\n\t\t\n<style>\n#text-2599418415 {\n  font-size: 1rem;\n}\n<\/style>\n\t<\/div>\n\t\n\n\t\t\t<\/div>\n\t\t<\/div>\n\t<\/div>\n\t\n\n\t\t<\/div>\n\t\t\t\t\t<\/div>\n\n\t\n\n\t<div id=\"col-1596682000\" class=\"col medium-3 small-6 large-3\"  data-animate=\"fadeInRight\">\n\t\t\t\t<div class=\"col-inner\"  >\n\t\t\t\n\t\t\t\n\n\t<div class=\"box has-hover   has-hover box-default box-text-bottom\" >\n\n\t\t<div class=\"box-image\" style=\"width:40%;\">\n\t\t\t\t\t\t<div class=\"\" >\n\t\t\t\t<img loading=\"lazy\" decoding=\"async\" width=\"90\" height=\"67\" src=\"https:\/\/la-tuile.ch\/wp-content\/uploads\/2022\/05\/Asset-48.svg\" class=\"attachment- size-\" alt=\"\" \/>\t\t\t\t\t\t\t\t\t\t\t<\/div>\n\t\t\t\t\t<\/div>\n\n\t\t<div class=\"box-text text-center\" >\n\t\t\t<div class=\"box-text-inner\">\n\t\t\t\t\n\n\t<div id=\"text-676515074\" class=\"text\">\n\t\t\n\n<h4>Zugang<\/h4>\n<p>Bushaltestelle: Linien 8 und 1.<br \/>Freiburg Plateau-De-P\u00e9rolles oder 3 Charmettes.<\/p>\n\t\t\n<style>\n#text-676515074 {\n  font-size: 1rem;\n}\n<\/style>\n\t<\/div>\n\t\n\n\t\t\t<\/div>\n\t\t<\/div>\n\t<\/div>\n\t\n\n\t\t<\/div>\n\t\t\t\t\t<\/div>\n\n\t\n\n<\/div>\n\t<div id=\"gap-752202369\" class=\"gap-element clearfix\" style=\"display:block; height:auto;\">\n\t\t\n<style>\n#gap-752202369 {\n  padding-top: 32px;\n}\n<\/style>\n\t<\/div>\n\t\n\n\n\t\t<\/div>\n\n\t\t\n<style>\n#section_2119525006 {\n  padding-top: 77px;\n  padding-bottom: 77px;\n}\n<\/style>\n\t<\/section>\n\t\n\n\t<section class=\"section\" id=\"section_1569448363\">\n\t\t<div class=\"section-bg fill\" >\n\t\t\t\t\t\t\t\t\t\n\t\t\t\n\n\t\t<\/div>\n\n\t\t\n\n\t\t<div class=\"section-content relative\">\n\t\t\t\n\n<div class=\"row\" style=\"max-width:1300px\" id=\"row-333898079\">\n\n\n<\/div>\n<div class=\"row row-collapse row-full-width\"  id=\"row-1349725778\">\n\n\n\t<div id=\"col-362241224\" class=\"col small-12 large-12\"  >\n\t\t\t\t<div class=\"col-inner dark\"  >\n\t\t\t\n\t\t\t\n\n<div class=\"row row-collapse align-center\" style=\"max-width:1300px\" id=\"row-1153747059\">\n\n\n\t<div id=\"col-672596341\" class=\"col small-12 large-12\"  >\n\t\t\t\t<div class=\"col-inner\"  >\n\t\t\t\n\t\t\t\n\n\t<div id=\"text-1237788184\" class=\"text\">\n\t\t\n\n<h2>In der Schweiz gibt es weitere Notunterk\u00fcnfte.<\/h2>\n\t\t\n<style>\n#text-1237788184 {\n  font-size: 1.2rem;\n  text-align: center;\n}\n@media (min-width:550px) {\n  #text-1237788184 {\n    font-size: 1.25rem;\n  }\n}\n@media (min-width:850px) {\n  #text-1237788184 {\n    font-size: 1.5rem;\n  }\n}\n<\/style>\n\t<\/div>\n\t\n\t<div id=\"text-32483046\" class=\"text\">\n\t\t\n\n<h4><span style=\"font-size: 115%;\"><a href=\"https:\/\/la-tuile.ch\/wp-content\/uploads\/2022\/05\/22_03_29_ListeSleepIN.pdf\">Sleepin in Schweiz<\/a><\/span><\/h4>\n\t\t\n<style>\n#text-32483046 {\n  font-size: 1.25rem;\n  text-align: center;\n}\n<\/style>\n\t<\/div>\n\t\n\n\t\t<\/div>\n\t\t\t\t\n<style>\n#col-672596341 > .col-inner {\n  padding: 15% 8% 15% 8%;\n}\n@media (min-width:550px) {\n  #col-672596341 > .col-inner {\n    padding: 10% 8% 8% 8%;\n  }\n}\n<\/style>\n\t<\/div>\n\n\t\n\n<\/div>\n\n\t\t<\/div>\n\t\t\t\t\n<style>\n#col-362241224 > .col-inner {\n  margin: -90px 0px 0px 0px;\n}\n<\/style>\n\t<\/div>\n\n\t\n\n\n<style>\n#row-1349725778 > .col > .col-inner {\n  background-color: #f07910;\n}\n<\/style>\n<\/div>\n\n\t\t<\/div>\n\n\t\t\n<style>\n#section_1569448363 {\n  padding-top: 0px;\n  padding-bottom: 0px;\n}\n<\/style>\n\t<\/section>\n\t\n\n","protected":false},"excerpt":{"rendered":"","protected":false},"author":1,"featured_media":0,"parent":8279,"menu_order":7,"comment_status":"closed","ping_status":"closed","template":"page-blank.php","meta":{"_uag_custom_page_level_css":"","footnotes":""},"class_list":["post-8304","page","type-page","status-publish","hentry"],"uagb_featured_image_src":{"full":false,"thumbnail":false,"medium":false,"medium_large":false,"large":false,"1536x1536":false,"2048x2048":false,"woocommerce_thumbnail":false,"woocommerce_single":false,"woocommerce_gallery_thumbnail":false},"uagb_author_info":{"display_name":"LA TUILE","author_link":"https:\/\/la-tuile.ch\/de\/author\/s62schuler\/"},"uagb_comment_info":0,"uagb_excerpt":null,"_links":{"self":[{"href":"https:\/\/la-tuile.ch\/de\/wp-json\/wp\/v2\/pages\/8304","targetHints":{"allow":["GET"]}}],"collection":[{"href":"https:\/\/la-tuile.ch\/de\/wp-json\/wp\/v2\/pages"}],"about":[{"href":"https:\/\/la-tuile.ch\/de\/wp-json\/wp\/v2\/types\/page"}],"author":[{"embeddable":true,"href":"https:\/\/la-tuile.ch\/de\/wp-json\/wp\/v2\/users\/1"}],"replies":[{"embeddable":true,"href":"https:\/\/la-tuile.ch\/de\/wp-json\/wp\/v2\/comments?post=8304"}],"version-history":[{"count":0,"href":"https:\/\/la-tuile.ch\/de\/wp-json\/wp\/v2\/pages\/8304\/revisions"}],"up":[{"embeddable":true,"href":"https:\/\/la-tuile.ch\/de\/wp-json\/wp\/v2\/pages\/8279"}],"wp:attachment":[{"href":"https:\/\/la-tuile.ch\/de\/wp-json\/wp\/v2\/media?parent=8304"}],"curies":[{"name":"wp","href":"https:\/\/api.w.org\/{rel}","templated":true}]}}